{"id":7182,"date":"2022-02-02T15:11:32","date_gmt":"2022-02-02T14:11:32","guid":{"rendered":"https:\/\/pobillecologics.com\/?page_id=7182"},"modified":"2022-02-02T15:11:33","modified_gmt":"2022-02-02T14:11:33","slug":"historia","status":"publish","type":"page","link":"https:\/\/pobillecologics.com\/es\/historia\/","title":{"rendered":"Historia"},"content":{"rendered":"<div id=\"banner-inicio\" data-vc-full-width=\"true\" data-vc-full-width-init=\"false\" data-vc-stretch-content=\"true\" class=\"vc_row wpb_row vc_row-fluid vc_row-no-padding ovic_custom_61fa9115719ef vc_custom_1626357839389\"><div class=\"wpb_column vc_column_container vc_col-sm-12 ovic_custom_61fa9115719f1\"><div class=\"vc_column-inner\"><div class=\"wpb_wrapper\">\r\n\t<div  class=\"wpb_single_image wpb_content_element vc_align_center ovic_custom_61fa9115719f2\">\r\n\t\t\r\n\t\t<figure class=\"wpb_wrapper vc_figure\">\r\n\t\t\t<div class=\"vc_single_image-wrapper   vc_box_border_grey\"><img loading=\"lazy\" decoding=\"async\" class=\"vc_single_image-img lazy attachment-full\" src=\"data:image\/svg+xml;charset=utf-8,%3Csvg%20xmlns%3D%27http%3A%2F%2Fwww.w3.org%2F2000%2Fsvg%27%20viewBox%3D%270%200%201990%20874%27%2F%3E\" data-src=\"https:\/\/pobillecologics.com\/wp-contenido\/uploads\/2021\/06\/pobill-ecologic-home-02.png\" width=\"1990\" height=\"874\"  alt=\"Historia\"\/><\/div>\r\n\t\t<\/figure>\r\n\t<\/div>\r\n<\/div><\/div><\/div><\/div><div class=\"vc_row-full-width vc_clearfix\"><\/div><div class=\"vc_row wpb_row vc_row-fluid ovic_custom_61fa9115719f3 vc_custom_1625241339773 vc_custom_1625241339778 vc_custom_1625241339781 vc_custom_1625241339784 vc_custom_1625241339787\"><div class=\"wpb_column vc_column_container vc_col-sm-12\"><div class=\"vc_column-inner\"><div class=\"wpb_wrapper\">\n\t<div class=\"wpb_text_column wpb_content_element titulo-pagina titulo-pagina ovic_custom_61fa9115719f4 vc_custom_1643803977086 \" >\n\t\t<div class=\"wpb_wrapper\">\n\t\t\t<h1><strong>Historia<\/strong><\/h1>\n\n\t\t<\/div>\n\t<\/div>\n<\/div><\/div><\/div><\/div><div class=\"vc_row wpb_row vc_row-fluid vc_row-o-equal-height vc_row-o-content-middle vc_row-flex ovic_custom_61fa9115719f5 vc_custom_1625472483821 vc_custom_1625472483824 vc_custom_1625472483826 vc_custom_1625472483828 vc_custom_1625472483830\"><div class=\"wpb_column vc_column_container vc_col-sm-6\"><div class=\"vc_column-inner\"><div class=\"wpb_wrapper\">\n\t<div class=\"wpb_video_widget wpb_content_element vc_clearfix vc_video-aspect-ratio-169 vc_video-el-width-100 vc_video-align-left ovic_custom_61fa9115719f6 \" >\n\t\t<div class=\"wpb_wrapper\">\n\t\t\t\n\t\t\t<div class=\"wpb_video_wrapper\"><iframe loading=\"lazy\" title=\"26 de desembre de 2021\" width=\"900\" height=\"506\" src=\"https:\/\/www.youtube.com\/embed\/ZuWfby4Tskc?feature=oembed\" frameborder=\"0\" allow=\"accelerometer; autoplay; clipboard-write; encrypted-media; gyroscope; picture-in-picture\" allowfullscreen><\/iframe><\/div>\n\t\t<\/div>\n\t<\/div>\n<\/div><\/div><\/div><div class=\"wpb_column vc_column_container vc_col-sm-6\"><div class=\"vc_column-inner\"><div class=\"wpb_wrapper\">\n\t<div class=\"wpb_text_column wpb_content_element texto-justificado texto-justificado ovic_custom_61fa9115719f7 \" >\n\t\t<div class=\"wpb_wrapper\">\n\t\t\t<p>David Taus, art\u00edfice de este proyecto, naci\u00f3 en C\u00e1lig, aunque actualmente reside con su familia en Traiguera. Aqu\u00ed os contaremos su historia para que conozc\u00e1is como se cre\u00f3 el proyecto de Pobill Ecol\u00f2gics desde sus ra\u00edces.<\/p>\n<p>Despu\u00e9s de cursar estudios de Administraci\u00f3n y Direcci\u00f3n de Empresas, David empez\u00f3 a trabajar en el mundo inmobiliario y dej\u00f3 la vida en el pueblo para adentrarse en el espiral del boom de inicios del 2000. Despu\u00e9s de vivir fren\u00e9ticamente, el trabajo se acab\u00f3 debido a la crisis econ\u00f3mica del 2008. Ese fue un punto y aparte. Y entonces, lleg\u00f3 el momento de reinventarse.<\/p>\n<p>Hab\u00eda vivido poco tiempo en la ciudad, pero el suficiente para echar de menos la comarca de la cual proviene: los aromas de la tierra mojada despu\u00e9s de las primeras gotas de lluvia, el sonido de las campanas que a cada hora le recuerdan que el tiempo pasa pl\u00e1cidamente, el tono rosado de las flores de almendro que ti\u00f1en los terrenos de olivos con la llegada de febrero, la gente que te saluda y te dice cuanto se alegran de verte de nuevo, las risas alrededor de una mesa con los amigos de la infancia. En definitiva, se da cuenta que su vida tiene sentido en el Maestrat, tierra de sus antepasados, donde ve un futuro lleno de oportunidades y vivencias que compartir.<\/p>\n\n\t\t<\/div>\n\t<\/div>\n<\/div><\/div><\/div><\/div><div class=\"vc_row wpb_row vc_row-fluid vc_row-o-equal-height vc_row-o-content-middle vc_row-flex ovic_custom_61fa9115719f8 vc_custom_1625473517368 vc_custom_1625473517371 vc_custom_1625473517374 vc_custom_1625473517376 vc_custom_1625473517378\"><div class=\"vc_col-sm-push-6 wpb_column vc_column_container vc_col-sm-6 vc_col-sm-push-6 ovic_custom_61fa9115719f9\"><div class=\"vc_column-inner\"><div class=\"wpb_wrapper\">\r\n\t<div  class=\"wpb_single_image wpb_content_element vc_align_center ovic_custom_61fa9115719fa vc_custom_1626357851041 vc_custom_1626357851043\">\r\n\t\t\r\n\t\t<figure class=\"wpb_wrapper vc_figure\">\r\n\t\t\t<div class=\"vc_single_image-wrapper   vc_box_border_grey\"><img loading=\"lazy\" decoding=\"async\" class=\"vc_single_image-img lazy attachment-full\" src=\"data:image\/svg+xml;charset=utf-8,%3Csvg%20xmlns%3D%27http%3A%2F%2Fwww.w3.org%2F2000%2Fsvg%27%20viewBox%3D%270%200%20800%20600%27%2F%3E\" data-src=\"https:\/\/pobillecologics.com\/wp-contenido\/uploads\/2021\/07\/historie-06.jpg\" width=\"800\" height=\"600\"  alt=\"Historia\"\/><\/div>\r\n\t\t<\/figure>\r\n\t<\/div>\r\n<\/div><\/div><\/div><div class=\"vc_col-sm-pull-6 wpb_column vc_column_container vc_col-sm-6 vc_col-sm-pull-6 ovic_custom_61fa9115719fb\"><div class=\"vc_column-inner\"><div class=\"wpb_wrapper\">\n\t<div class=\"wpb_text_column wpb_content_element texto-justificado texto-justificado ovic_custom_61fa9115719fc \" >\n\t\t<div class=\"wpb_wrapper\">\n\t\t\t<p>Por eso, apuesta por abrirse camino cerca del lugar donde yacen las ra\u00edces, con un trabajo que conoce de cerca desde que era ni\u00f1o y que durante tiempo no apreci\u00f3 como se merec\u00eda. Toca dar a conocer al mundo las virtudes de Traiguera y C\u00e1lig. No puede empaquetar el sabor de una fruta madura comida a la temperatura id\u00f3nea para gozar de todos sus matices. No puede confitar la alegr\u00eda de los m\u00e1s peque\u00f1os rodeados de sus mayores al cosechar las primeras cerezas. No puede hacer conserva del aire fresco que se nota estando sentado debajo de un algarrobo un mediod\u00eda de mediados de julio. No puede explicar la acogida que las paredes de piedra le dan con el primer rayo de luz del d\u00eda cuando se dispone a preparase para trabajar. Y tampoco puede transmitir todo el saber que, generaci\u00f3n tras generaci\u00f3n, ha ido adquiriendo, porque no es consciente de que lo tiene.<\/p>\n<p>La \u00fanica manera de compartir el disfrute que produce levantarse cada ma\u00f1ana en el pueblo es hacer el mejor aceite y los mejores c\u00edtricos, fusionando toda la lista de sensaciones que antes hemos nombrado con las tendencias de cultivo m\u00e1s innovadoras.<\/p>\n\n\t\t<\/div>\n\t<\/div>\n<\/div><\/div><\/div><\/div><div class=\"vc_row wpb_row vc_row-fluid vc_row-o-equal-height vc_row-o-content-middle vc_row-flex ovic_custom_61fa9115719fd vc_custom_1625472483821 vc_custom_1625472483824 vc_custom_1625472483826 vc_custom_1625472483828 vc_custom_1625472483830\"><div class=\"wpb_column vc_column_container vc_col-sm-6\"><div class=\"vc_column-inner\"><div class=\"wpb_wrapper\">\r\n\t<div  class=\"wpb_single_image wpb_content_element vc_align_center ovic_custom_61fa9115719fe vc_custom_1626357880213 vc_custom_1626357880215\">\r\n\t\t\r\n\t\t<figure class=\"wpb_wrapper vc_figure\">\r\n\t\t\t<div class=\"vc_single_image-wrapper   vc_box_border_grey\"><img loading=\"lazy\" decoding=\"async\" class=\"vc_single_image-img lazy attachment-full\" src=\"data:image\/svg+xml;charset=utf-8,%3Csvg%20xmlns%3D%27http%3A%2F%2Fwww.w3.org%2F2000%2Fsvg%27%20viewBox%3D%270%200%20800%20600%27%2F%3E\" data-src=\"https:\/\/pobillecologics.com\/wp-contenido\/uploads\/2021\/07\/historie-07.jpg\" width=\"800\" height=\"600\"  alt=\"Historia\"\/><\/div>\r\n\t\t<\/figure>\r\n\t<\/div>\r\n<\/div><\/div><\/div><div class=\"wpb_column vc_column_container vc_col-sm-6\"><div class=\"vc_column-inner\"><div class=\"wpb_wrapper\">\n\t<div class=\"wpb_text_column wpb_content_element texto-justificado texto-justificado ovic_custom_61fa9115719ff \" >\n\t\t<div class=\"wpb_wrapper\">\n\t\t\t<p>El a\u00f1o 2015 cre\u00f3 Pobill Ecol\u00f2gics CB, empresa que junta todas las parcelas agr\u00edcolas ecol\u00f3gicas que provienen de la agricultura convencional, y que nos sirven para comercializar nuestros productos.<\/p>\n<p>\u201cEl Pobill\u201d es el apodo de su familia paterna, el primer \u201cpubill\u201d fue el bisabuelo de su padre, porque se cas\u00f3 con una \u201cpubilla\u201d (la \u00fanica hija de una familia). Con el nombre Pobill se quiere hacer un homenaje a sus antepasados, a sus tierras y a los conocimientos que con tanta estima nos han traspasado. \u201cEgol\u00f2gics\u201d est\u00e1 relacionada con el tipo de agricultura por la cual se quiere apostar, la \u00fanica capaz de devolverle a la tierra todo lo que ella nos ha dado.<\/p>\n<p>La agroecolog\u00eda de Pobill Ecol\u00f2gics defiende la producci\u00f3n sostenible y respetuosa con el medio ambiente. Quiere dignificar a los productores y los productos, dotando al territorio de una mayor reliciencia, y tiene como valor la soberan\u00eda alimentaria.<\/p>\n\n\t\t<\/div>\n\t<\/div>\n<\/div><\/div><\/div><\/div><div class=\"vc_row wpb_row vc_row-fluid vc_row-o-equal-height vc_row-o-content-middle vc_row-flex ovic_custom_61fa911571a00 vc_custom_1625473527216 vc_custom_1625473527219 vc_custom_1625473527221 vc_custom_1625473527223 vc_custom_1625473527225\"><div class=\"vc_col-sm-push-6 wpb_column vc_column_container vc_col-sm-6 vc_col-sm-push-6 ovic_custom_61fa911571a01\"><div class=\"vc_column-inner\"><div class=\"wpb_wrapper\">\r\n\t<div  class=\"wpb_single_image wpb_content_element vc_align_center ovic_custom_61fa911571a02 vc_custom_1626357894091 vc_custom_1626357894093\">\r\n\t\t\r\n\t\t<figure class=\"wpb_wrapper vc_figure\">\r\n\t\t\t<div class=\"vc_single_image-wrapper   vc_box_border_grey\"><img loading=\"lazy\" decoding=\"async\" class=\"vc_single_image-img lazy attachment-full\" src=\"data:image\/svg+xml;charset=utf-8,%3Csvg%20xmlns%3D%27http%3A%2F%2Fwww.w3.org%2F2000%2Fsvg%27%20viewBox%3D%270%200%20800%20600%27%2F%3E\" data-src=\"https:\/\/pobillecologics.com\/wp-contenido\/uploads\/2021\/07\/historie-05.jpg\" width=\"800\" height=\"600\"  alt=\"Historia\"\/><\/div>\r\n\t\t<\/figure>\r\n\t<\/div>\r\n<\/div><\/div><\/div><div class=\"vc_col-sm-pull-6 wpb_column vc_column_container vc_col-sm-6 vc_col-sm-pull-6 ovic_custom_61fa911571a03\"><div class=\"vc_column-inner\"><div class=\"wpb_wrapper\">\n\t<div class=\"wpb_text_column wpb_content_element texto-justificado texto-justificado ovic_custom_61fa911571a04 \" >\n\t\t<div class=\"wpb_wrapper\">\n\t\t\t<p>El aceite se regala, lo que se cobra es la historia de cada botella, la cultura y el esfuerzo que contiene.<\/p>\n<p>La agricultura de Pobill Ecol\u00f2gics empez\u00f3 siendo una afici\u00f3n que poco a poco se ha convertido en una forma de vida muy arraigada y en un proyecto con alma que queremos hacer crecer.<\/p>\n<p>El proyecto de Pobill Ecol\u00f2gics quiere dignificar su agricultura, hacerla sostenible y social, y exportar esta cultura alrededor del mundo. Se pretende impulsar la econom\u00eda local, defender el territorio y fomentar la recuperaci\u00f3n del paisaje: algarrobos y olivos de parcelas agr\u00edcolas que desgraciadamente se convirtieron en yermos, pero que ahora tienen m\u00e1s vida que nunca.<\/p>\n\n\t\t<\/div>\n\t<\/div>\n<\/div><\/div><\/div><\/div>\n","protected":false},"excerpt":{"rendered":"Historia David Taus, art\u00edfice de este proyecto, naci\u00f3 en C\u00e1lig, aunque actualmente reside con su familia en Traiguera. Aqu\u00ed os contaremos su historia para que conozc\u00e1is como se cre\u00f3 el proyecto de Pobill Ecol\u00f2gics desde sus ra\u00edces. Despu\u00e9s de cursar estudios de Administraci\u00f3n y Direcci\u00f3n de Empresas, David empez\u00f3 a trabajar en el mundo inmobiliario [...]","protected":false},"author":2,"featured_media":0,"parent":0,"menu_order":0,"comment_status":"open","ping_status":"open","template":"templates\/fullwidth.php","meta":{"footnotes":""},"class_list":["post-7182","page","type-page","status-publish","hentry"],"yoast_head":"<!-- This site is optimized with the Yoast SEO plugin v27.4 - https:\/\/yoast.com\/product\/yoast-seo-wordpress\/ -->\n<title>Historia - Pobill Ecologics<\/title>\n<meta name=\"robots\" content=\"index, follow, max-snippet:-1, max-image-preview:large, max-video-preview:-1\" \/>\n<link rel=\"canonical\" href=\"https:\/\/pobillecologics.com\/es\/historia\/\" \/>\n<meta property=\"og:locale\" content=\"es_ES\" \/>\n<meta property=\"og:type\" content=\"article\" \/>\n<meta property=\"og:title\" content=\"Historia - Pobill Ecologics\" \/>\n<meta property=\"og:url\" content=\"https:\/\/pobillecologics.com\/es\/historia\/\" \/>\n<meta property=\"og:site_name\" content=\"Pobill Ecologics\" \/>\n<meta property=\"article:modified_time\" content=\"2022-02-02T14:11:33+00:00\" \/>\n<meta property=\"og:image\" content=\"https:\/\/pobillecologics.com\/wp-contenido\/uploads\/2022\/02\/beneficios-aceite-oliva-01.jpg\" \/>\n\t<meta property=\"og:image:width\" content=\"960\" \/>\n\t<meta property=\"og:image:height\" content=\"539\" \/>\n\t<meta property=\"og:image:type\" content=\"image\/jpeg\" \/>\n<meta name=\"twitter:card\" content=\"summary_large_image\" \/>\n<meta name=\"twitter:label1\" content=\"Tiempo de lectura\" \/>\n\t<meta name=\"twitter:data1\" content=\"7 minutos\" \/>\n<script type=\"application\/ld+json\" class=\"yoast-schema-graph\">{\"@context\":\"https:\\\/\\\/schema.org\",\"@graph\":[{\"@type\":\"WebPage\",\"@id\":\"https:\\\/\\\/pobillecologics.com\\\/es\\\/historia\\\/\",\"url\":\"https:\\\/\\\/pobillecologics.com\\\/es\\\/historia\\\/\",\"name\":\"Historia - Pobill Ecologics\",\"isPartOf\":{\"@id\":\"https:\\\/\\\/pobillecologics.com\\\/es\\\/#website\"},\"datePublished\":\"2022-02-02T14:11:32+00:00\",\"dateModified\":\"2022-02-02T14:11:33+00:00\",\"breadcrumb\":{\"@id\":\"https:\\\/\\\/pobillecologics.com\\\/es\\\/historia\\\/#breadcrumb\"},\"inLanguage\":\"es\",\"potentialAction\":[{\"@type\":\"ReadAction\",\"target\":[\"https:\\\/\\\/pobillecologics.com\\\/es\\\/historia\\\/\"]}]},{\"@type\":\"BreadcrumbList\",\"@id\":\"https:\\\/\\\/pobillecologics.com\\\/es\\\/historia\\\/#breadcrumb\",\"itemListElement\":[{\"@type\":\"ListItem\",\"position\":1,\"name\":\"Portada\",\"item\":\"https:\\\/\\\/pobillecologics.com\\\/es\\\/\"},{\"@type\":\"ListItem\",\"position\":2,\"name\":\"Historia\"}]},{\"@type\":\"WebSite\",\"@id\":\"https:\\\/\\\/pobillecologics.com\\\/es\\\/#website\",\"url\":\"https:\\\/\\\/pobillecologics.com\\\/es\\\/\",\"name\":\"Pobill Ecologics\",\"description\":\"Pobill Ecologics\",\"potentialAction\":[{\"@type\":\"SearchAction\",\"target\":{\"@type\":\"EntryPoint\",\"urlTemplate\":\"https:\\\/\\\/pobillecologics.com\\\/es\\\/?s={search_term_string}\"},\"query-input\":{\"@type\":\"PropertyValueSpecification\",\"valueRequired\":true,\"valueName\":\"search_term_string\"}}],\"inLanguage\":\"es\"}]}<\/script>\n<!-- \/ Yoast SEO plugin. -->","yoast_head_json":{"title":"Historia - Pobill Ecologics","robots":{"index":"index","follow":"follow","max-snippet":"max-snippet:-1","max-image-preview":"max-image-preview:large","max-video-preview":"max-video-preview:-1"},"canonical":"https:\/\/pobillecologics.com\/es\/historia\/","og_locale":"es_ES","og_type":"article","og_title":"Historia - Pobill Ecologics","og_url":"https:\/\/pobillecologics.com\/es\/historia\/","og_site_name":"Pobill Ecologics","article_modified_time":"2022-02-02T14:11:33+00:00","og_image":[{"width":960,"height":539,"url":"https:\/\/pobillecologics.com\/wp-contenido\/uploads\/2022\/02\/beneficios-aceite-oliva-01.jpg","type":"image\/jpeg"}],"twitter_card":"summary_large_image","twitter_misc":{"Tiempo de lectura":"7 minutos"},"schema":{"@context":"https:\/\/schema.org","@graph":[{"@type":"WebPage","@id":"https:\/\/pobillecologics.com\/es\/historia\/","url":"https:\/\/pobillecologics.com\/es\/historia\/","name":"Historia - Pobill Ecologics","isPartOf":{"@id":"https:\/\/pobillecologics.com\/es\/#website"},"datePublished":"2022-02-02T14:11:32+00:00","dateModified":"2022-02-02T14:11:33+00:00","breadcrumb":{"@id":"https:\/\/pobillecologics.com\/es\/historia\/#breadcrumb"},"inLanguage":"es","potentialAction":[{"@type":"ReadAction","target":["https:\/\/pobillecologics.com\/es\/historia\/"]}]},{"@type":"BreadcrumbList","@id":"https:\/\/pobillecologics.com\/es\/historia\/#breadcrumb","itemListElement":[{"@type":"ListItem","position":1,"name":"Portada","item":"https:\/\/pobillecologics.com\/es\/"},{"@type":"ListItem","position":2,"name":"Historia"}]},{"@type":"WebSite","@id":"https:\/\/pobillecologics.com\/es\/#website","url":"https:\/\/pobillecologics.com\/es\/","name":"Pobill Ecologics","description":"Pobill Ecologics","potentialAction":[{"@type":"SearchAction","target":{"@type":"EntryPoint","urlTemplate":"https:\/\/pobillecologics.com\/es\/?s={search_term_string}"},"query-input":{"@type":"PropertyValueSpecification","valueRequired":true,"valueName":"search_term_string"}}],"inLanguage":"es"}]}},"_links":{"self":[{"href":"https:\/\/pobillecologics.com\/es\/wp-json\/wp\/v2\/pages\/7182","targetHints":{"allow":["GET"]}}],"collection":[{"href":"https:\/\/pobillecologics.com\/es\/wp-json\/wp\/v2\/pages"}],"about":[{"href":"https:\/\/pobillecologics.com\/es\/wp-json\/wp\/v2\/types\/page"}],"author":[{"embeddable":true,"href":"https:\/\/pobillecologics.com\/es\/wp-json\/wp\/v2\/users\/2"}],"replies":[{"embeddable":true,"href":"https:\/\/pobillecologics.com\/es\/wp-json\/wp\/v2\/comments?post=7182"}],"version-history":[{"count":0,"href":"https:\/\/pobillecologics.com\/es\/wp-json\/wp\/v2\/pages\/7182\/revisions"}],"wp:attachment":[{"href":"https:\/\/pobillecologics.com\/es\/wp-json\/wp\/v2\/media?parent=7182"}],"curies":[{"name":"wp","href":"https:\/\/api.w.org\/{rel}","templated":true}]}}